{"id":351,"date":"2022-09-30T00:04:32","date_gmt":"2022-09-29T22:04:32","guid":{"rendered":"https:\/\/rhein-faehre.de\/?page_id=351"},"modified":"2024-06-13T09:29:05","modified_gmt":"2024-06-13T07:29:05","slug":"konferenz-feier","status":"publish","type":"page","link":"https:\/\/rhein-faehre.de\/index.php\/konferenz-feier\/","title":{"rendered":"Partyschiff"},"content":{"rendered":"<div class=\"style-945 style-local-351-c1 position-relative\" data-colibri-id=\"351-c1\">\n<div id=\"about\" class=\"h-section h-section-global-spacing d-flex align-items-lg-center align-items-md-center align-items-center style-952 style-local-351-c8 position-relative\" data-colibri-component=\"section\" data-colibri-id=\"351-c8\">\n<div class=\"h-section-grid-container h-section-boxed-container\">\n<div class=\"h-row-container gutters-row-lg-0 gutters-row-md-0 gutters-row-0 gutters-row-v-lg-0 gutters-row-v-md-0 gutters-row-v-0 style-953 style-local-351-c9 position-relative\" data-colibri-id=\"351-c9\">\n<div class=\"h-row justify-content-lg-center justify-content-md-center justify-content-center align-items-lg-stretch align-items-md-stretch align-items-stretch gutters-col-lg-0 gutters-col-md-0 gutters-col-0 gutters-col-v-lg-0 gutters-col-v-md-0 gutters-col-v-0\">\n<div class=\"h-column h-column-container d-flex h-col-lg-auto h-col-md-auto h-col-auto style-980-outer style-local-351-c36-outer\">\n<div class=\"d-flex h-flex-basis h-column__inner h-px-lg-2 h-px-md-2 h-px-2 v-inner-lg-2 v-inner-md-2 v-inner-2 style-980 style-local-351-c36 position-relative\" data-colibri-id=\"351-c36\">\n<div class=\"w-100 h-y-container h-column__content h-column__v-align flex-basis-100 align-self-lg-start align-self-md-start align-self-start\">\n<div class=\"page-title style-981 style-local-351-c37 position-relative h-element\" data-colibri-id=\"351-c37\">\n<div class=\"h-page-title__outer style-981-outer style-local-351-c37-outer\">\n<div class=\"h-global-transition-all\"><span><h1 style='margin-bottom:0'>Partyschiff<\/h1><\/span><\/div>\n<\/div>\n<\/div>\n<div class=\"h-text h-text-component style-982 style-local-351-c38 position-relative h-element\" data-colibri-id=\"351-c38\">\n<div class=\"\">\n\nSie k\u00f6nnen unsere F\u00e4hre auch f\u00fcr Ihre Feier, f\u00fcr Ihre Konferenz oder einen Empfang chartern. Bereiten Sie sich und Ihren G\u00e4sten ein paar sch\u00f6ne, gem\u00fctliche Stunden.&nbsp;Genie\u00dfen Sie auf den Wellen des Rheins Land- und Stadtpanorama,\nbei Tag und\/oder bei Nacht.\n\n&nbsp;\n\n<\/div>\n<\/div>\n<\/div>\n<\/div>\n<\/div>\n<div class=\"h-column h-column-container d-flex h-col-lg-auto h-col-md-auto h-col-auto style-954-outer style-local-351-c10-outer\">\n<div class=\"d-flex h-flex-basis h-column__inner h-px-lg-0 h-px-md-0 h-px-0 v-inner-lg-0 v-inner-md-0 v-inner-0 style-954 style-local-351-c10 position-relative\" data-colibri-id=\"351-c10\">\n<div class=\"w-100 h-y-container h-column__content h-column__v-align flex-basis-100 align-self-lg-start align-self-md-start align-self-start\">\n<div class=\"h-global-transition-all h-heading style-955 style-local-351-c11 position-relative h-element\" data-colibri-id=\"351-c11\">\n<div class=\"h-heading__outer style-955 style-local-351-c11\">\n<h5 class=\"\">Partyschiff<\/h5>\n<\/div>\n<\/div>\n<div class=\"h-global-transition-all h-heading style-956 style-local-351-c12 position-relative h-element\" data-colibri-id=\"351-c12\">\n<div class=\"h-heading__outer style-956 style-local-351-c12\">\n<h2 class=\"\"><em style=\"font-family: 'Playfair Display';\">Konferenzen<\/em>, <em style=\"font-family: 'Playfair Display';\">Feiern<\/em> und <em style=\"font-family: 'Playfair Display';\">Hochzeiten<\/em> auf dem Rhein<\/h2>\n<\/div>\n<\/div>\n<div class=\"h-text h-text-component style-957 style-local-351-c13 position-relative h-element\" data-colibri-id=\"351-c13\">\n<div class=\"\">\n\nLassen Sie sich in au\u00dfergew\u00f6hnlicher Atmosph\u00e4re so richtig verw\u00f6hnen. Vom rustikalen Buffet mit frischem Altbier vom Fass bis zu kulinarischen K\u00f6stlichkeiten mit erlesenen Weinen und Spirituosen arrangieren wir&nbsp;<em>Ihre spezielle Party<\/em>.\nDabei bestimmen Sie die Reiseroute selbst.\n\n<\/div>\n<\/div>\n<\/div>\n<\/div>\n<\/div>\n<div class=\"h-column h-column-container d-flex h-col-lg-auto h-col-md-auto h-col-auto style-958-outer style-local-351-c14-outer\">\n<div class=\"d-flex h-flex-basis h-column__inner h-ui-empty-state-container h-px-lg-2 h-px-md-2 h-px-2 v-inner-lg-2 v-inner-md-2 v-inner-2 style-958 style-local-351-c14 position-relative\" data-colibri-id=\"351-c14\">\n<div class=\"w-100 h-y-container h-column__content h-column__v-align flex-basis-100\">&nbsp;<\/div>\n<\/div>\n<\/div>\n<div class=\"h-column h-column-container d-flex h-col-lg-auto h-col-md-auto h-col-auto style-984-outer style-local-351-c40-outer\">\n<div class=\"d-flex h-flex-basis h-column__inner h-px-lg-2 h-px-md-2 h-px-2 v-inner-lg-2 v-inner-md-2 v-inner-2 style-984 style-local-351-c40 position-relative\" data-colibri-id=\"351-c40\">\n<div class=\"w-100 h-y-container h-column__content h-column__v-align flex-basis-100 align-self-lg-start align-self-md-start align-self-start\">\n<div class=\"h-text h-text-component style-985 style-local-351-c41 position-relative h-element\" data-colibri-id=\"351-c41\">\n<div class=\"\">\n\n&nbsp;\n\nDer Heimathafen der Maria-Franziska ist D\u00fcsseldorf, am Fernsehturm\/WDR-Haus.&nbsp;Nat\u00fcrlich geht die Fahrt auch \u00fcber die Grenzen D\u00fcsseldorfs hinaus. Durch die vorhandene Bugklappe und den Seiteneinstieg des Partyschiffes gibt es viele\nAnlegem\u00f6glichkeiten. Die Preise f\u00fcr Fahrt- und Liegestunden sind gleich. Feiern Sie also nicht in irgendeinem Hafen oder an einem Anleger, sondern genie\u00dfen Sie das Fahrerlebnis auf dem Rhein.&nbsp;Die Partyf\u00e4hre Maria-Franziska bietet\nPlatz f\u00fcr&nbsp;<strong>bis zu 80&nbsp;Personen<\/strong> auf einer Ebene, bestuhlt bis zu 70 Pl\u00e4tze. Alle G\u00e4ste nehmen gleichzeitig am Geschehen teil.&nbsp;\n\n<\/div>\n<\/div>\n<\/div>\n<\/div>\n<\/div>\n<div class=\"h-column h-column-container d-flex h-col-lg-auto h-col-md-auto h-col-auto style-987-outer style-local-351-c43-outer\">\n<div class=\"d-flex h-flex-basis h-column__inner h-px-lg-3 h-px-md-3 h-px-3 v-inner-lg-3 v-inner-md-3 v-inner-3 style-987 style-local-351-c43 position-relative\" data-colibri-id=\"351-c43\">\n<div class=\"w-100 h-y-container h-column__content h-column__v-align flex-basis-100 align-self-lg-center align-self-md-center align-self-center\">\n<div class=\"h-global-transition-all h-heading style-989 style-local-351-c45 position-relative h-element\" data-colibri-id=\"351-c45\">\n<div class=\"h-heading__outer style-989 style-local-351-c45\">\n<h3 class=\"\"><em style=\"font-family: 'Playfair Display';\">Heiraten auf den Wellen des Rheins<\/em><\/h3>\n<\/div>\n<\/div>\n<div class=\"h-text h-text-component style-991 style-local-351-c47 position-relative h-element\" data-colibri-id=\"351-c47\">\n<div class=\"\">\n\nDas Standesamt Meerbusch bietet in jedem Jahr wieder ganz besondere Trauungen auf unserer Partyf\u00e4hre Maria-Franziska an.\n\nDie Termine vergibt Frau H\u00f6fges unter 02132-916424 oder k\u00f6nnen unter\n<a href=\"mailto:info@rhein-faehre.de\">info@rhein-faehre.de<\/a> oder Telefon 0173-7044944 angefragt werden.\n\n&nbsp;\n\n<\/div>\n<\/div>\n<\/div>\n<\/div>\n<\/div>\n<div class=\"h-column h-column-container d-flex h-col-lg-auto h-col-md-auto h-col-auto style-988-outer style-local-351-c44-outer\">\n<div class=\"d-flex h-flex-basis h-column__inner h-px-lg-2 h-px-md-2 h-px-2 v-inner-lg-2 v-inner-md-2 v-inner-2 style-988 style-local-351-c44 position-relative\" data-colibri-id=\"351-c44\">\n<div class=\"w-100 h-y-container h-column__content h-column__v-align flex-basis-100 align-self-lg-center align-self-md-center align-self-center\">\n<div class=\"h-global-transition-all h-heading style-990 style-local-351-c46 position-relative h-element\" data-colibri-id=\"351-c46\">\n<div class=\"h-heading__outer style-990 style-local-351-c46\">\n<h3 class=\"\"><em style=\"font-family: 'Playfair Display';\">Ein Schiff f\u00fcr viele Feiern<\/em><\/h3>\n<\/div>\n<\/div>\n<div class=\"h-text h-text-component style-992 style-local-351-c48 position-relative h-element\" data-colibri-id=\"351-c48\">\n<div class=\"\">\n\nWeitere Charter-Anl\u00e4sse sind&nbsp;Firmenveranstaltungen wie z. B.&nbsp;Jubil\u00e4en, Konferenzen, Tagungen, Vor- und Nach-Messe-Feiern, Betriebsausfl\u00fcge und Weihnachtsfeiern aber auch private Feiern wie z. B. Geburtstage, Verlobungen,\nHochzeiten, Familientreffen, Klassentreffen und Vereinsfeste.\n\n<\/div>\n<\/div>\n<\/div>\n<\/div>\n<\/div>\n<div class=\"h-column h-column-container d-flex h-col-lg-auto h-col-md-auto h-col-auto style-993-outer style-local-351-c49-outer\">\n<div class=\"d-flex h-flex-basis h-column__inner h-px-lg-2 h-px-md-2 h-px-2 v-inner-lg-2 v-inner-md-2 v-inner-2 style-993 style-local-351-c49 position-relative\" data-colibri-id=\"351-c49\">\n<div class=\"w-100 h-y-container h-column__content h-column__v-align flex-basis-100 align-self-lg-start align-self-md-start align-self-start\">\n<div class=\"h-global-transition-all h-heading style-994 style-local-351-c50 position-relative h-element\" data-colibri-id=\"351-c50\">\n<div class=\"h-heading__outer style-994 style-local-351-c50\">\n<h3 class=\"\"><span style=\"font-family: 'Open Sans';\">Unser besonderer Service<\/span><\/h3>\n<\/div>\n<\/div>\n<div class=\"h-text h-text-component style-995 style-local-351-c51 position-relative h-element\" data-colibri-id=\"351-c51\">\n<div class=\"\">\n\nWir bieten&nbsp;Serviceleistungen&nbsp;von der Einladungskarte bis hin zum &#8222;Roten Teppich&#8220; f\u00fcr den G\u00e4steempfang an. Ihre W\u00fcnsche f\u00fcr den Gestaltungsrahmen finden bei uns stets ein offenes Ohr. Sie legen selbst Hand an oder \u00fcbertragen\nuns diese Aufgaben.\n\n&nbsp;\n\n<\/div>\n<\/div>\n<\/div>\n<\/div>\n<\/div>\n<\/div>\n<\/div>\n<\/div>\n<\/div>\n<\/div>","protected":false},"excerpt":{"rendered":"<p>Sie k\u00f6nnen unsere F\u00e4hre auch f\u00fcr Ihre Feier, f\u00fcr Ihre Konferenz oder einen Empfang chartern. Bereiten Sie sich und Ihren G\u00e4sten ein paar sch\u00f6ne, gem\u00fctliche Stunden.&nbsp;Genie\u00dfen Sie auf den Wellen des Rheins Land- und Stadtpanorama, bei Tag und\/oder bei Nacht. &nbsp; Partyschiff Konferenzen, Feiern und Hochzeiten auf dem Rhein Lassen Sie sich in au\u00dfergew\u00f6hnlicher Atmosph\u00e4re [&hellip;]<\/p>\n","protected":false},"author":1,"featured_media":0,"parent":0,"menu_order":0,"comment_status":"closed","ping_status":"closed","template":"page-templates\/full-width-page.php","meta":{"ngg_post_thumbnail":0,"footnotes":""},"class_list":["post-351","page","type-page","status-publish","hentry"],"_links":{"self":[{"href":"https:\/\/rhein-faehre.de\/index.php\/wp-json\/wp\/v2\/pages\/351","targetHints":{"allow":["GET"]}}],"collection":[{"href":"https:\/\/rhein-faehre.de\/index.php\/wp-json\/wp\/v2\/pages"}],"about":[{"href":"https:\/\/rhein-faehre.de\/index.php\/wp-json\/wp\/v2\/types\/page"}],"author":[{"embeddable":true,"href":"https:\/\/rhein-faehre.de\/index.php\/wp-json\/wp\/v2\/users\/1"}],"replies":[{"embeddable":true,"href":"https:\/\/rhein-faehre.de\/index.php\/wp-json\/wp\/v2\/comments?post=351"}],"version-history":[{"count":11,"href":"https:\/\/rhein-faehre.de\/index.php\/wp-json\/wp\/v2\/pages\/351\/revisions"}],"predecessor-version":[{"id":12511,"href":"https:\/\/rhein-faehre.de\/index.php\/wp-json\/wp\/v2\/pages\/351\/revisions\/12511"}],"wp:attachment":[{"href":"https:\/\/rhein-faehre.de\/index.php\/wp-json\/wp\/v2\/media?parent=351"}],"curies":[{"name":"wp","href":"https:\/\/api.w.org\/{rel}","templated":true}]}}